{"id":363,"date":"2020-03-10T21:16:55","date_gmt":"2020-03-10T21:16:55","guid":{"rendered":"https:\/\/demo.creativethemes.com\/blocksy\/modern-shop\/?page_id=3"},"modified":"2021-11-07T18:17:28","modified_gmt":"2021-11-07T18:17:28","slug":"privacy-policy-2","status":"publish","type":"page","link":"https:\/\/crelya.com\/index.php\/privacy-policy-2\/","title":{"rendered":"POLITIQUE DE CONFIDENTIALIT\u00c9 ET D\u2019UTILISATION DES COOKIES"},"content":{"rendered":"\n<h2 class=\"wp-block-heading\">POLITIQUE DE CONFIDENTIALIT\u00c9 ET D\u2019UTILISATION DES COOKIES<\/h2>\n\n\n\n<p><\/p>\n\n\n\n<p><em>derni\u00e8res mises \u00e0 jour effectu\u00e9es le 04\/11\/2021<\/em><\/p>\n\n\n\n<p><strong>PR\u00c9AMBULE<\/strong><\/p>\n\n\n\n<p>La pr\u00e9sente politique de confidentialit\u00e9 et d\u2019utilisation des cookies vous informe sur la mani\u00e8re dont crelya.com utilise et prot\u00e8ge les informations que vous nous transmettez lorsque vous utilisez le pr\u00e9sent site, \u00e0 l\u2019occasion de votre visite sur notre site crelya.com, de la cr\u00e9ation d\u2019un compte client, du passage d\u2019une commande. En utilisant notre site, vous d\u00e9clarez accepter les termes de la pr\u00e9sente de confidentialit\u00e9 et d\u2019utilisation des cookies.<\/p>\n\n\n\n<p>Veuillez noter que cette politique de confidentialit\u00e9 et d\u2019utilisation des cookies est susceptible d\u2019\u00eatre modifi\u00e9e ou compl\u00e9t\u00e9e \u00e0 tout moment, notamment en vue de se conformer \u00e0 toute \u00e9volution l\u00e9gislative, r\u00e9glementaire, jurisprudentielle ou technologique. Dans un tel cas, la date de sa mise \u00e0 jour sera clairement identifi\u00e9e en t\u00eate de la pr\u00e9sente politique. Ces modifications engagent l\u2019<strong>\u00ab&nbsp;Utilisateur&nbsp;\u00bb<\/strong> d\u00e8s leur mise en ligne. Il convient par cons\u00e9quent que l\u2019<strong>\u00ab&nbsp;Utilisateur&nbsp;\u00bb<\/strong> consulte r\u00e9guli\u00e8rement la pr\u00e9sente politique de confidentialit\u00e9 et d\u2019utilisation des cookies afin de prendre connaissance de ses \u00e9ventuelles modifications.<\/p>\n\n\n\n<p><strong>ARTICLE 1&nbsp;: Les parties<\/strong><\/p>\n\n\n\n<p>La pr\u00e9sente politique de confidentialit\u00e9 est applicable entre l\u2019\u00e9diteur du Site, ci-apr\u00e8s \u00ab&nbsp;<strong>l\u2019\u00c9diteur<\/strong>&nbsp;\u00bb, et toute personnes se connectant au Site, ci-apr\u00e8s \u00ab&nbsp;<strong>l\u2019Utilisateur<\/strong>&nbsp;\u00bb.<\/p>\n\n\n\n<p><strong>ARTICLE 2&nbsp;: D\u00e9finitions<\/strong><\/p>\n\n\n\n<p>\u00ab&nbsp;<strong>\u00c9diteur<\/strong>&nbsp;\u00bb&nbsp;: Madame Elyse Acquaro pris en sa qualit\u00e9 d\u2019\u00e9diteur du Site.<\/p>\n\n\n\n<p>\u00ab <strong>Utilisateur<\/strong>&nbsp;\u00bb&nbsp;: Toute personne se connectant au Site.<\/p>\n\n\n\n<p>\u00ab&nbsp;<strong>Visiteur<\/strong>&nbsp;\u00bb&nbsp;: Toute personne visitant le Site.<\/p>\n\n\n\n<p>\u00ab&nbsp;<strong>Site<\/strong>&nbsp;\u00bb&nbsp;: site internet accessible \u00e0 l\u2019URL crelya.com, ainsi que les variations d\u2019URL aff\u00e9rentes aux diff\u00e9rentes pages du Site.<\/p>\n\n\n\n<p><strong>ARTICLE 3&nbsp;: Champ d\u2019application<\/strong><\/p>\n\n\n\n<p>La pr\u00e9sente politique de confidentialit\u00e9 est applicable \u00e0 tout <strong>\u00ab<\/strong>&nbsp;<strong>Utilisateur&nbsp;\u00bb<\/strong>. Le fait de cliquer sur \u00ab&nbsp;J\u2019accepte&nbsp;\u00bb lors de votre cr\u00e9ation de compte sur le <strong>\u00ab&nbsp;Site&nbsp;\u00bb<\/strong> emportera votre acceptation pleine et enti\u00e8re de celle-ci. De-m\u00eame, le fait de cliquer sur \u00ab&nbsp;J\u2019accepte&nbsp;\u00bb dans le bandeau d\u2019information relatif aux cookies affich\u00e9 sur le <strong>\u00ab&nbsp;Site&nbsp;\u00bb <\/strong>emporte votre confirmation de cette acceptation, tout en vous permettant de personnaliser les cookies qui vous seront ou non appliqu\u00e9s. Vous reconnaissez du m\u00eame fait en avoir pris pleinement connaissance et les accepter sans restriction.<\/p>\n\n\n\n<p>L&#8217;acceptation de la pr\u00e9sente politique de confidentialit\u00e9 suppose de la part des Utilisateurs qu&#8217;ils jouissent de la capacit\u00e9 juridique n\u00e9cessaire pour cela ou qu\u2019ils aient au moins 16 ans, ou \u00e0 d\u00e9faut qu&#8217;ils en aient l&#8217;autorisation d&#8217;un tuteur ou d&#8217;un curateur s&#8217;ils sont incapables, de leur repr\u00e9sentant l\u00e9gal s&#8217;ils ont moins de 16 ans, ou encore qu&#8217;ils soient titulaires d&#8217;un mandat s&#8217;ils agissent pour le compte d&#8217;une personne morale.<\/p>\n\n\n\n<p><strong>ARTICLE 4&nbsp;: Donn\u00e9es personnelles<\/strong><\/p>\n\n\n\n<p>Conform\u00e9ment au R\u00e8glement G\u00e9n\u00e9ral sur la Protection des Donn\u00e9es (RGPD) adopt\u00e9 par le Parlement europ\u00e9en le 14 avril 2016 et \u00e0 la l\u00e9gislation nationale en vigueur, <strong>\u00ab&nbsp;l\u2019Editeur&nbsp;\u00bb<\/strong> vous fournit les informations suivantes :<\/p>\n\n\n\n<p><strong>4.1&nbsp;: Identit\u00e9 et coordonn\u00e9es du responsable du traitement des donn\u00e9es<\/strong><\/p>\n\n\n\n<p>Le responsable des donn\u00e9es trait\u00e9es sur le \u00ab&nbsp;<strong>Site<\/strong>&nbsp;\u00bb&nbsp; est Elyse Acquaro.&nbsp;<\/p>\n\n\n\n<p>Adresse&nbsp;: 23, Promenade du Verger \u2013 92130 Issy-les-Moulineaux<\/p>\n\n\n\n<p>Mail&nbsp;: <a href=\"mailto:crelyahandmade@gmail.com\">crelyahandmade@gmail.com<\/a><\/p>\n\n\n\n<p><strong>4.2&nbsp;: Caract\u00e8re de la collecte des donn\u00e9es<\/strong><\/p>\n\n\n\n<p>Donn\u00e9es collect\u00e9es lors de la consultations du <strong>\u00ab&nbsp;Site&nbsp;\u00bb<\/strong>&nbsp;: Lorsque vous consulter le \u00ab&nbsp;Site&nbsp;\u00bb vous consentez \u00e0 l\u2019<strong>\u00ab&nbsp;\u00c9diteur&nbsp;\u00bb<\/strong> de collecter les informations relatives au contenu que vous consultez et sur lequel vous cliquez ; aux donn\u00e9es d\u00e9mographiques&nbsp;; \u00e0 l&#8217;appareil utilis\u00e9 et \u00e0 son environnement logiciel ; \u00e0 votre localisation&nbsp;; \u00e0 vos donn\u00e9es de connexion (horaires, adresse IP\u2026).<\/p>\n\n\n\n<p>Donn\u00e9es collect\u00e9es lors de la cr\u00e9ation d\u2019un compte sur le <strong>\u00ab&nbsp;Site&nbsp;\u00bb<\/strong>&nbsp;: Les donn\u00e9es collect\u00e9es par l\u2019<strong>\u00ab&nbsp;Editeur&nbsp;\u00bb<\/strong> lors de votre cr\u00e9ation de compte sont&nbsp;: nom*, pr\u00e9nom*, adresse postale*, adresse e-mail*, n\u00b0 de t\u00e9l\u00e9phone, date de naissance.<\/p>\n\n\n\n<p>Les donn\u00e9es personnelles suivies d\u2019un ast\u00e9risque sont obligatoires pour la cr\u00e9ation d\u2019un compte sur le <strong>\u00ab&nbsp;Site&nbsp;\u00bb.<\/strong><\/p>\n\n\n\n<p>Donn\u00e9es collect\u00e9es lors de l\u2019utilisation du formulaire de contact&nbsp;: Les donn\u00e9es collect\u00e9es par l\u2019<strong>\u00ab&nbsp;Editeur&nbsp;\u00bb<\/strong> lors de l\u2019utilisation du formulaire de contact sont&nbsp;: nom*, pr\u00e9nom*, adresse e-mail*, n\u00b0 de t\u00e9l\u00e9phone.<\/p>\n\n\n\n<p>Les donn\u00e9es personnelles suivies d\u2019un ast\u00e9risque sont obligatoires pour l\u2019utilisation du formulaire de contact<strong>.<\/strong><\/p>\n\n\n\n<p><strong>4.3&nbsp;: But de la collecte des donn\u00e9es<\/strong><\/p>\n\n\n\n<p>Lors de la consultation du <strong>\u00ab&nbsp;Site&nbsp;\u00bb<\/strong>&nbsp;: V\u00e9rifier l\u2019identit\u00e9 des personnes, assurer et am\u00e9liorer la s\u00e9curit\u00e9 des services, \u00e9viter toute activit\u00e9 illicite ou ill\u00e9gale, faire respecter les conditions relatives \u00e0 l\u2019utilisation du <strong>\u00ab&nbsp;Site&nbsp;\u00bb<\/strong>.<\/p>\n\n\n\n<p>Lors de la cr\u00e9ation d\u2019un compte sur le <strong>\u00ab&nbsp;Site&nbsp;\u00bb<\/strong>&nbsp;: V\u00e9rifier l\u2019identit\u00e9 des personnes, ex\u00e9cuter les engagements contractuels, \u00e9viter toute activit\u00e9 illicite ou ill\u00e9gale, assurer et am\u00e9liorer la s\u00e9curit\u00e9 des services.<\/p>\n\n\n\n<p>Lors de l\u2019utilisation du formulaire de contact&nbsp;: V\u00e9rifier l\u2019identit\u00e9 des personnes, assurer et am\u00e9liorer la s\u00e9curit\u00e9 des services, adresser les informations et contacter les personnes, \u00e9viter toute activit\u00e9 illicite ou ill\u00e9gale, faire respecter les conditions relatives \u00e0 l\u2019utilisation du <strong>\u00ab&nbsp;Site&nbsp;\u00bb<\/strong>.<\/p>\n\n\n\n<p><strong>4.3&nbsp;: Bases l\u00e9gales du traitement des donn\u00e9es<\/strong><\/p>\n\n\n\n<p>Les bases l\u00e9gales pr\u00e9vues par le RGPD donnent droit \u00e0 l\u2019<strong>\u00ab&nbsp;\u00c9diteur&nbsp;\u00bb<\/strong> de collecter et de traiter les informations personnelles de l\u2019<strong>\u00ab&nbsp;Utilisateur&nbsp;\u00bb<\/strong> et du <strong>\u00ab&nbsp;Visiteur&nbsp;\u00bb<\/strong>.<\/p>\n\n\n\n<p>Lors de la consultation du <strong>\u00ab&nbsp;Site&nbsp;\u00bb<\/strong>&nbsp;: la collecte des donn\u00e9es par l\u2019<strong>\u00ab&nbsp;\u00c9diteur&nbsp;\u00bb<\/strong> lors de la consultation du <strong>\u00ab&nbsp;Site&nbsp;\u00bb <\/strong>ont pour but d\u2019analyser les comportement des personnes et assurer la s\u00e9curit\u00e9 et le bon fonctionnement du <strong>\u00ab&nbsp;Site&nbsp;\u00bb<\/strong>, et ont pour bases l\u00e9gales le consentement des personnes.<\/p>\n\n\n\n<p>Lors de la cr\u00e9ation d\u2019un compte sur le <strong>\u00ab&nbsp;Site&nbsp;\u00bb<\/strong>&nbsp;: la collecte des donn\u00e9es par l\u2019<strong>\u00ab&nbsp;\u00c9diteur&nbsp;\u00bb<\/strong> lors de la cr\u00e9ation d\u2019un compte sur le \u00ab&nbsp;Site&nbsp;\u00bb ont pour but d\u2019ex\u00e9cuter les engagements contractuels et pour bases l\u00e9gales la relation contractuelle.&nbsp;&nbsp;&nbsp;<\/p>\n\n\n\n<p>Lors de l\u2019utilisation du formulaire de contact&nbsp;:&nbsp; la collecte des donn\u00e9es par l\u2019<strong>\u00ab&nbsp;\u00c9diteur&nbsp;\u00bb<\/strong> lors de l\u2019utilisation du formulaire de contact ont pour bases l\u00e9gales le consentement des personnes.<\/p>\n\n\n\n<p><strong>4.4&nbsp;: Cat\u00e9gories des destinataires des donn\u00e9es&nbsp;:<\/strong><\/p>\n\n\n\n<p>Les donn\u00e9es collect\u00e9es sont consultables uniquement par l\u2019<strong>\u00ab&nbsp;\u00c9diteur&nbsp;\u00bb<\/strong> et par le personnel charg\u00e9 de la gestion du <strong>\u00ab&nbsp;Site&nbsp;\u00bb<\/strong> et ne sont jamais rendues librement visualisables par une personne physique tierce.<\/p>\n\n\n\n<p><strong>4.5&nbsp;: D\u00e9lai de conservation des donn\u00e9es et conditions de suppression<\/strong><\/p>\n\n\n\n<p>Lors de la consultation du &nbsp;<strong>\u00ab&nbsp;Site&nbsp;\u00bb<\/strong>,\u00ab les donn\u00e9es collect\u00e9es sont conserv\u00e9es pendant une dur\u00e9e raisonnable n\u00e9cessaire \u00e0 la bonne administration du <strong>\u00ab&nbsp;Site&nbsp;\u00bb<\/strong> et pour un maximum de 12 mois, ou jusqu\u2019au retrait du consentement des personnes concern\u00e9es.&nbsp;<\/p>\n\n\n\n<p>Lors de la cr\u00e9ation d\u2019un compte sur le \u00ab&nbsp;Site&nbsp;\u00bb, les donn\u00e9es collect\u00e9es sont conserv\u00e9es pendant la dur\u00e9e de la relation contractuelle entre l\u2019<strong>\u00ab&nbsp;\u00c9diteur&nbsp;\u00bb<\/strong> et l\u2019<strong>\u00ab&nbsp;Utilisateur&nbsp;\u00bb<\/strong>.<\/p>\n\n\n\n<p>A l\u2019issue de chacun de ces d\u00e9lais, l\u2019<strong>\u00ab&nbsp;\u00c9diteur&nbsp;\u00bb<\/strong> archivera ces donn\u00e9es et les conservera le temps durant lequel sa responsabilit\u00e9 pourra \u00eatre mise en cause.&nbsp;<\/p>\n\n\n\n<p>Pass\u00e9s ce d\u00e9lai de conservation, l\u2019<strong>\u00ab&nbsp;\u00c9diteur&nbsp;\u00bb<\/strong> s\u2019engage de supprimer d\u00e9finitivement les donn\u00e9es des personnes concern\u00e9es.<\/p>\n\n\n\n<p><strong>4.6&nbsp;: S\u00e9curit\u00e9 des donn\u00e9es collect\u00e9es<\/strong><\/p>\n\n\n\n<p>Les donn\u00e9es collect\u00e9es sont conserv\u00e9es dans le respect des dispositions du R\u00e8glement G\u00e9n\u00e9ral sur la Protection des Donn\u00e9es (RGPD) et dans des conditions s\u00e9curis\u00e9es.<\/p>\n\n\n\n<p><strong>4.7&nbsp;: Droit des personnes concern\u00e9es<\/strong><\/p>\n\n\n\n<p>Vous disposer de droits cit\u00e9s ci-dessous, afin de garder la ma\u00eetrise de vos donn\u00e9es. Vous pouvez les exercer en nous \u00e9crivant \u00e0 l\u2019adresse suivante&nbsp;: <a href=\"mailto:crelyahandmade@gmail.com\">crelyahandmade@gmail.com<\/a>.<\/p>\n\n\n\n<h5 class=\"wp-block-heading\">Droit d\u2019information, d\u2019acc\u00e8s et de communication des donn\u00e9es<\/h5>\n\n\n\n<p>Vous avez la possibilit\u00e9 d\u2019acc\u00e9der aux donn\u00e9es personnelles qui vous concernent.<\/p>\n\n\n\n<p>En raison de l\u2019obligation de s\u00e9curit\u00e9 et de confidentialit\u00e9 dans le traitement des donn\u00e9es \u00e0 caract\u00e8re personnel qui incombe \u00e0 l\u2019<strong>\u00ab&nbsp;\u00c9diteur&nbsp;\u00bb<\/strong>, votre demande sera uniquement trait\u00e9e si vous rapportez la preuve de votre identit\u00e9, notamment par la production d\u2019un scan de votre titre d\u2019identit\u00e9 valide deux accompagn\u00e9 de la mention \u00ab&nbsp;j\u2019atteste sur l\u2019honneur que la copie de cette pi\u00e8ce d\u2019identit\u00e9 est conforme \u00e0 l\u2019original. Fait \u00e0 \u2026 le \u2026&nbsp;\u00bb, suivie de votre signature.<\/p>\n\n\n\n<h5 class=\"wp-block-heading\">Droit de rectification, de suppression et droit \u00e0 l\u2019oubli des donn\u00e9es<\/h5>\n\n\n\n<p>Vous avez la possibilit\u00e9 de demander la rectification, la mise \u00e0 jour, le verrouillage ou encore l\u2019effacement de vos donn\u00e9es personnelles qui peuvent s\u2019av\u00e9rer le cas \u00e9ch\u00e9ant inexactes, erron\u00e9es, incompl\u00e8tes ou obsol\u00e8tes.<\/p>\n\n\n\n<p>Vous pouvez \u00e9galement d\u00e9finir des directives g\u00e9n\u00e9rales relatives au sort des donn\u00e9es \u00e0 caract\u00e8re personnel apr\u00e8s votre d\u00e9c\u00e8s. Le cas \u00e9ch\u00e9ant, les h\u00e9ritiers d\u2019une personne d\u00e9c\u00e9d\u00e9e peuvent exiger de prendre en consid\u00e9ration le d\u00e9c\u00e8s de leur proche et\/ou de proc\u00e9der aux mises \u00e0 jour n\u00e9cessaires.<\/p>\n\n\n\n<h5 class=\"wp-block-heading\">Droit d\u2019opposition au traitement de donn\u00e9es<\/h5>\n\n\n\n<p>Vous avez la possibilit\u00e9 de vous opposer \u00e0 un traitement de vos donn\u00e9es personnelles.&nbsp;<\/p>\n\n\n\n<p>Il vous conviendra d\u2019adresser un e-mail \u00e0 l\u2019adresse suivante&nbsp;: <a href=\"mailto:crelyahandmade@gmail.com\">crelyahandmade@gmail.com<\/a>. Dans ce mail, il vous faudra pr\u00e9ciser les donn\u00e9es que vous souhaitez voir supprimer ainsi que les raisons justifiant cette demande, sauf cas de prospection commerciale.<\/p>\n\n\n\n<h5 class=\"wp-block-heading\">Droit \u00e0 la portabilit\u00e9 des donn\u00e9es<\/h5>\n\n\n\n<p>Vous avez le droit de recevoir les donn\u00e9es personnelles que vous nous avez fournies dans un format transf\u00e9rable, ouvert et lisible.<\/p>\n\n\n\n<h5 class=\"wp-block-heading\">Retrait du consentement<\/h5>\n\n\n\n<p>Votre consentement est indispensable au traitement de vos donn\u00e9es par l\u2019<strong>\u00ab&nbsp;\u00c9diteur \u00bb. <\/strong>Toutefois, il vous est possible de retirer celui-ci \u00e0 tout moment. Ce retrait conduira \u00e0 la suppression des donn\u00e9es personnelles vous concernant.&nbsp;<\/p>\n\n\n\n<p>Les services n\u00e9cessitant le traitement de vos donn\u00e9es par l\u2019<strong>\u00ab&nbsp;\u00c9diteur&nbsp;\u00bb<\/strong> ne seront n\u00e9anmoins plus accessibles.<\/p>\n\n\n\n<h5 class=\"wp-block-heading\">D\u00e9lai de r\u00e9ponse<\/h5>\n\n\n\n<p>L\u2019<strong>\u00ab&nbsp;\u00c9diteur&nbsp;\u00bb <\/strong>s\u2019engage \u00e0 r\u00e9pondre \u00e0 votre demande d\u2019acc\u00e8s, de rectification ou d\u2019opposition ou toute autre demande compl\u00e9mentaire d\u2019informations dans un d\u00e9lai raisonnable qui ne saurait d\u00e9passer 1 mois \u00e0 compter de la r\u00e9ception de votre demande.<\/p>\n\n\n\n<h5 class=\"wp-block-heading\">Plainte aupr\u00e8s de l\u2019autorit\u00e9 comp\u00e9tente<\/h5>\n\n\n\n<p>Si vous consid\u00e9rez que l\u2019<strong>\u00ab&nbsp;\u00c9diteur&nbsp;\u00bb<\/strong> ne respecte pas ses obligations au regard de vos informations personnelles, vous pouvez adresser une plainte ou une demande aupr\u00e8s de l\u2019autorit\u00e9 comp\u00e9tente. En France, l\u2019autorit\u00e9 comp\u00e9tente est la Cnil.<\/p>\n\n\n\n<p><strong>ARTICLE 5&nbsp;: Propri\u00e9t\u00e9 intellectuelle<\/strong><\/p>\n\n\n\n<h4 class=\"wp-block-heading\">Protection l\u00e9gale des Contenus du \u00ab&nbsp;Site&nbsp;\u00bb<\/h4>\n\n\n\n<p>Les Contenus du Site sont susceptibles d&#8217;\u00eatre prot\u00e9g\u00e9s par le droit d&#8217;auteur et le droit des bases de donn\u00e9es. Toute repr\u00e9sentation, reproduction, traduction, adaptation ou transformation, int\u00e9grale ou partielle, r\u00e9alis\u00e9e ill\u00e9galement et sans le consentement de l\u2019\u00ab \u00c9diteur\u00bb ou de ses ayants droit ou ayants cause constitue une violation des Livres I et III du Code de la propri\u00e9t\u00e9 intellectuelle et sera susceptible de donner lieu \u00e0 des poursuites judiciaires pour contrefa\u00e7on.<\/p>\n\n\n\n<h4 class=\"wp-block-heading\">Protection contractuelle des Contenus du \u00ab&nbsp;Site&nbsp;\u00bb<\/h4>\n\n\n\n<p>L\u2019Utilisateur s&#8217;engage contractuellement \u00e0 l&#8217;\u00e9gard de l\u2019\u00ab&nbsp;\u00c9diteur&nbsp;\u00bb \u00e0 ne pas utiliser, reproduire ou repr\u00e9senter, de quelque mani\u00e8re que ce soit, les Contenus du Site, qu&#8217;ils soient ou non prot\u00e9g\u00e9s par un droit de propri\u00e9t\u00e9 intellectuelle, \u00e0 une autre fin que celle de leur lecture.<\/p>\n\n\n\n<h4 class=\"wp-block-heading\">&nbsp;<\/h4>\n\n\n\n<p><\/p>\n","protected":false},"excerpt":{"rendered":"<p>POLITIQUE DE CONFIDENTIALIT\u00c9 ET D\u2019UTILISATION DES COOKIES derni\u00e8res mises \u00e0 jour effectu\u00e9es le 04\/11\/2021 PR\u00c9AMBULE La pr\u00e9sente politique de confidentialit\u00e9 et d\u2019utilisation des cookies vous informe sur la mani\u00e8re dont crelya.com utilise et prot\u00e8ge les informations que vous nous transmettez lorsque vous utilisez le pr\u00e9sent site, \u00e0 l\u2019occasion de votre visite sur notre site crelya.com, [&hellip;]<\/p>\n","protected":false},"author":1,"featured_media":0,"parent":0,"menu_order":0,"comment_status":"closed","ping_status":"open","template":"","meta":{"om_disable_all_campaigns":false,"_monsterinsights_skip_tracking":false,"_monsterinsights_sitenote_active":false,"_monsterinsights_sitenote_note":"","_monsterinsights_sitenote_category":0,"footnotes":""},"class_list":["post-363","page","type-page","status-publish","hentry"],"blocksy_meta":{"styles_descriptor":{"styles":{"desktop":"","tablet":"","mobile":""},"google_fonts":[],"version":6}},"featured_image_urls":{"full":"","thumbnail":"","medium":"","medium_large":"","large":"","1536x1536":"","2048x2048":"","woocommerce_archive_thumbnail":"","woocommerce_thumbnail":"","woocommerce_single":"","woocommerce_gallery_thumbnail":"","ppec_logo_image_size":"","ppec_header_image_size":""},"post_excerpt_stackable":"<p>POLITIQUE DE CONFIDENTIALIT\u00c9 ET D\u2019UTILISATION DES COOKIES derni\u00e8res mises \u00e0 jour effectu\u00e9es le 04\/11\/2021 PR\u00c9AMBULE La pr\u00e9sente politique de confidentialit\u00e9 et d\u2019utilisation des cookies vous informe sur la mani\u00e8re dont crelya.com utilise et prot\u00e8ge les informations que vous nous transmettez lorsque vous utilisez le pr\u00e9sent site, \u00e0 l\u2019occasion de votre visite sur notre site crelya.com, de la cr\u00e9ation d\u2019un compte client, du passage d\u2019une commande. En utilisant notre site, vous d\u00e9clarez accepter les termes de la pr\u00e9sente de confidentialit\u00e9 et d\u2019utilisation des cookies. Veuillez noter que cette politique de confidentialit\u00e9 et d\u2019utilisation des cookies est susceptible d\u2019\u00eatre modifi\u00e9e ou compl\u00e9t\u00e9e\u2026<\/p>\n","category_list":"","author_info":{"name":"Acquaro Elyse","url":"https:\/\/crelya.com\/index.php\/author\/crelyahandmadegmail-com\/"},"comments_num":"0 commentaire","_links":{"self":[{"href":"https:\/\/crelya.com\/index.php\/wp-json\/wp\/v2\/pages\/363","targetHints":{"allow":["GET"]}}],"collection":[{"href":"https:\/\/crelya.com\/index.php\/wp-json\/wp\/v2\/pages"}],"about":[{"href":"https:\/\/crelya.com\/index.php\/wp-json\/wp\/v2\/types\/page"}],"author":[{"embeddable":true,"href":"https:\/\/crelya.com\/index.php\/wp-json\/wp\/v2\/users\/1"}],"replies":[{"embeddable":true,"href":"https:\/\/crelya.com\/index.php\/wp-json\/wp\/v2\/comments?post=363"}],"version-history":[{"count":1,"href":"https:\/\/crelya.com\/index.php\/wp-json\/wp\/v2\/pages\/363\/revisions"}],"predecessor-version":[{"id":944,"href":"https:\/\/crelya.com\/index.php\/wp-json\/wp\/v2\/pages\/363\/revisions\/944"}],"wp:attachment":[{"href":"https:\/\/crelya.com\/index.php\/wp-json\/wp\/v2\/media?parent=363"}],"curies":[{"name":"wp","href":"https:\/\/api.w.org\/{rel}","templated":true}]}}